{"id":3369,"date":"2021-06-21T10:55:01","date_gmt":"2021-06-21T10:55:01","guid":{"rendered":"https:\/\/suds.cat\/?post_type=project&#038;p=3369"},"modified":"2025-04-21T17:06:32","modified_gmt":"2025-04-21T17:06:32","slug":"mirades-no-hegemoniques-lautorepresentacio-com-eina-de-transformacio-social","status":"publish","type":"project","link":"https:\/\/suds.cat\/es\/proyecto\/mirades-no-hegemoniques-lautorepresentacio-com-eina-de-transformacio-social\/","title":{"rendered":"Mirades no hegem\u00f2niques. L&#8217;autorepresentaci\u00f3 com eina de transformaci\u00f3 social."},"content":{"rendered":"<p><strong>Duraci\u00f3n: <\/strong>24 meses<\/p>\r\n<p><strong>Fechas: <\/strong>2017-2019<\/p>\r\n<p><strong>Localizaci\u00f3n:<\/strong> Catalunya. Barcelona i Molins de Rei.<\/p>\r\n<p><strong>L\u00ednea estrat\u00e9gica<\/strong>: Feminismes diversos<\/p>\r\n<p>&nbsp;<\/p>\r\n<p>Fugint de la representaci\u00f3 hegem\u00f2nica occidental, racista i patriarcal de col\u00b7lectius del Sud global, es proposa construir una nova narrativa visual a partir de les mirades de les mateixes dones participants en el projecte. Aquesta narrativa parteix de la reflexi\u00f3 conjunta sobre la seva identitat, les opressions que les travessen, les seves estrat\u00e8gies de lluita i resist\u00e8ncies. La fotografia es l&#8217;eina a partir de la qual s&#8217;expressen.<\/p>\r\n<p>Prenent com a marc te\u00f2ric el feminisme decolonial, realitzem tallers de fotografia participativa a Trinitat Vella i Ciutat Vella (Barcelona) , que combinen la reflexi\u00f3 i la pr\u00e0ctica fotogr\u00e0fica. Es tracta d&#8217;un proc\u00e9s d&#8217;una durada de 4-5 mesos, que tanquem amb una exposici\u00f3 fotogr\u00e0fica per compartir les seves mirades i contribuir a trencar el relat hegem\u00f2nic.<\/p>\r\n<p>Tot el material fotogr\u00e0fic i escrit generat a trav\u00e9s dels tallers, es comparteix a les xarxes a trav\u00e9s d&#8217;un compte d&#8217;Instagram creat espec\u00edficament amb aquesta finalitat: <a href=\"https:\/\/www.instagram.com\/trencantelrelat\/\" target=\"_blank\" rel=\"noopener\">@trencantelrelat<\/a><\/p>","protected":false},"featured_media":3395,"parent":0,"template":"","meta":{"_acf_changed":false},"destacat":[],"eixe":[840],"pais":[846],"class_list":["post-3369","project","type-project","status-publish","has-post-thumbnail","hentry","eixe-feminismes-diversos","pais-catalunya"],"acf":[],"_links":{"self":[{"href":"https:\/\/suds.cat\/es\/wp-json\/wp\/v2\/project\/3369","targetHints":{"allow":["GET"]}}],"collection":[{"href":"https:\/\/suds.cat\/es\/wp-json\/wp\/v2\/project"}],"about":[{"href":"https:\/\/suds.cat\/es\/wp-json\/wp\/v2\/types\/project"}],"wp:featuredmedia":[{"embeddable":true,"href":"https:\/\/suds.cat\/es\/wp-json\/wp\/v2\/media\/3395"}],"wp:attachment":[{"href":"https:\/\/suds.cat\/es\/wp-json\/wp\/v2\/media?parent=3369"}],"wp:term":[{"taxonomy":"destacat","embeddable":true,"href":"https:\/\/suds.cat\/es\/wp-json\/wp\/v2\/destacat?post=3369"},{"taxonomy":"eixe","embeddable":true,"href":"https:\/\/suds.cat\/es\/wp-json\/wp\/v2\/eixe?post=3369"},{"taxonomy":"pais","embeddable":true,"href":"https:\/\/suds.cat\/es\/wp-json\/wp\/v2\/pais?post=3369"}],"curies":[{"name":"wp","href":"https:\/\/api.w.org\/{rel}","templated":true}]}}